{"id":3088,"date":"2019-03-21T09:25:48","date_gmt":"2019-03-21T09:25:49","guid":{"rendered":"https:\/\/naturayculturatours.com\/?post_type=product&#038;p=3088"},"modified":"2019-05-22T09:26:10","modified_gmt":"2019-05-22T09:26:10","slug":"viaje-fin-diplomatura2018-2019-universidad-senior-upv-atapuerca-burgos","status":"publish","type":"product","link":"https:\/\/naturayculturatours.com\/val\/reservas\/viaje-fin-diplomatura2018-2019-universidad-senior-upv-atapuerca-burgos\/","title":{"rendered":"VIAJE FIN DIPLOMATURA 2018-2019 UNIVERSIDAD S\u00c9NIOR UNIVERSITAT POLIT\u00c8CNICA DE VAL\u00c8NCIA. ATAPUERCA (BURGOS)"},"content":{"rendered":"\t\t<div data-elementor-type=\"wp-post\" data-elementor-id=\"3088\" class=\"elementor elementor-3088 elementor-bc-flex-widget\" data-elementor-post-type=\"product\">\n\t\t\t\t\t\t<section class=\"elementor-section elementor-top-section elementor-element elementor-element-19cfea0 elementor-section-stretched pcont elementor-section-boxed elementor-section-height-default elementor-section-height-default\" data-id=\"19cfea0\" data-element_type=\"section\" id=\"pcont\" data-settings=\"{&quot;jet_parallax_layout_list&quot;:[{&quot;jet_parallax_layout_image&quot;:{&quot;url&quot;:&quot;&quot;,&quot;id&quot;:&quot;&quot;,&quot;size&quot;:&quot;&quot;},&quot;_id&quot;:&quot;7e8327b&quot;,&quot;jet_parallax_layout_speed&quot;:{&quot;unit&quot;:&quot;%&quot;,&quot;size&quot;:50,&quot;sizes&quot;:[]},&quot;jet_parallax_layout_type&quot;:&quot;scroll&quot;,&quot;jet_parallax_layout_z_index&quot;:&quot;&quot;,&quot;jet_parallax_layout_bg_x&quot;:50,&quot;jet_parallax_layout_bg_y&quot;:50,&quot;jet_parallax_layout_bg_size&quot;:&quot;auto&quot;,&quot;jet_parallax_layout_animation_prop&quot;:&quot;transform&quot;,&quot;jet_parallax_layout_on&quot;:[&quot;desktop&quot;,&quot;tablet&quot;],&quot;jet_parallax_layout_image_tablet&quot;:{&quot;url&quot;:&quot;&quot;,&quot;id&quot;:&quot;&quot;,&quot;size&quot;:&quot;&quot;},&quot;jet_parallax_layout_image_mobile&quot;:{&quot;url&quot;:&quot;&quot;,&quot;id&quot;:&quot;&quot;,&quot;size&quot;:&quot;&quot;},&quot;jet_parallax_layout_direction&quot;:&quot;1&quot;,&quot;jet_parallax_layout_fx_direction&quot;:null,&quot;jet_parallax_layout_bg_x_tablet&quot;:&quot;&quot;,&quot;jet_parallax_layout_bg_x_mobile&quot;:&quot;&quot;,&quot;jet_parallax_layout_bg_y_tablet&quot;:&quot;&quot;,&quot;jet_parallax_layout_bg_y_mobile&quot;:&quot;&quot;,&quot;jet_parallax_layout_bg_size_tablet&quot;:&quot;&quot;,&quot;jet_parallax_layout_bg_size_mobile&quot;:&quot;&quot;}],&quot;stretch_section&quot;:&quot;section-stretched&quot;}\">\n\t\t\t\t\t\t<div class=\"elementor-container elementor-column-gap-default\">\n\t\t\t\t\t<div class=\"elementor-column elementor-col-100 elementor-top-column elementor-element elementor-element-0e972a9\" data-id=\"0e972a9\" data-element_type=\"column\">\n\t\t\t<div class=\"elementor-widget-wrap elementor-element-populated\">\n\t\t\t\t\t\t<section class=\"elementor-section elementor-inner-section elementor-element elementor-element-4bcfcc7 elementor-section-full_width pcontcol elementor-section-height-default elementor-section-height-default\" data-id=\"4bcfcc7\" data-element_type=\"section\" id=\"pcontcol\" data-settings=\"{&quot;jet_parallax_layout_list&quot;:[{&quot;jet_parallax_layout_image&quot;:{&quot;url&quot;:&quot;&quot;,&quot;id&quot;:&quot;&quot;,&quot;size&quot;:&quot;&quot;},&quot;_id&quot;:&quot;edc8c20&quot;,&quot;jet_parallax_layout_speed&quot;:{&quot;unit&quot;:&quot;%&quot;,&quot;size&quot;:50,&quot;sizes&quot;:[]},&quot;jet_parallax_layout_type&quot;:&quot;scroll&quot;,&quot;jet_parallax_layout_z_index&quot;:&quot;&quot;,&quot;jet_parallax_layout_bg_x&quot;:50,&quot;jet_parallax_layout_bg_y&quot;:50,&quot;jet_parallax_layout_bg_size&quot;:&quot;auto&quot;,&quot;jet_parallax_layout_animation_prop&quot;:&quot;transform&quot;,&quot;jet_parallax_layout_on&quot;:[&quot;desktop&quot;,&quot;tablet&quot;],&quot;jet_parallax_layout_image_tablet&quot;:{&quot;url&quot;:&quot;&quot;,&quot;id&quot;:&quot;&quot;,&quot;size&quot;:&quot;&quot;},&quot;jet_parallax_layout_image_mobile&quot;:{&quot;url&quot;:&quot;&quot;,&quot;id&quot;:&quot;&quot;,&quot;size&quot;:&quot;&quot;},&quot;jet_parallax_layout_direction&quot;:&quot;1&quot;,&quot;jet_parallax_layout_fx_direction&quot;:null,&quot;jet_parallax_layout_bg_x_tablet&quot;:&quot;&quot;,&quot;jet_parallax_layout_bg_x_mobile&quot;:&quot;&quot;,&quot;jet_parallax_layout_bg_y_tablet&quot;:&quot;&quot;,&quot;jet_parallax_layout_bg_y_mobile&quot;:&quot;&quot;,&quot;jet_parallax_layout_bg_size_tablet&quot;:&quot;&quot;,&quot;jet_parallax_layout_bg_size_mobile&quot;:&quot;&quot;}]}\">\n\t\t\t\t\t\t<div class=\"elementor-container elementor-column-gap-default\">\n\t\t\t\t\t<div class=\"elementor-column elementor-col-50 elementor-inner-column elementor-element elementor-element-b7f9aa3\" data-id=\"b7f9aa3\" data-element_type=\"column\">\n\t\t\t<div class=\"elementor-widget-wrap elementor-element-populated\">\n\t\t\t\t\t\t<div class=\"elementor-element elementor-element-2d6e4a2 elementor-widget elementor-widget-heading\" data-id=\"2d6e4a2\" data-element_type=\"widget\" data-widget_type=\"heading.default\">\n\t\t\t\t<div class=\"elementor-widget-container\">\n\t\t\t\t\t<h2 class=\"elementor-heading-title elementor-size-default\">PROGRAMA<\/h2>\t\t\t\t<\/div>\n\t\t\t\t<\/div>\n\t\t\t\t<div class=\"elementor-element elementor-element-42024f8 pcol1 elementor-widget elementor-widget-text-editor\" data-id=\"42024f8\" data-element_type=\"widget\" id=\"pcol1\" data-widget_type=\"text-editor.default\">\n\t\t\t\t<div class=\"elementor-widget-container\">\n\t\t\t\t\t\t\t\t\t<p>Grupo: Alumnado 3\u00ba CURSO S\u00c9NIOR<br \/>Programa: 24 al 26 de mayo 2019<br \/>Plazas: 53 disponibles m\u00e1ximo<\/p>\n<p><strong style=\"letter-spacing: 0px;\">Viernes 29 mayo<\/strong><\/p>\n<p><span class=\"fontstyle0\">07:00 h. Salida desde UPV (comida en ruta en el Hotel Alisa en Lerma).<br \/>16:00 h. Llegada y alojamiento (aproximadamente).<br \/>17:45 h. Visita guiada al museo de la Evoluci\u00f3n.<br \/>20:00 h. Fin visita museo y tiempo libre (a hora convenida, cena en grupos en<br \/>casco antiguo).<\/span> <\/p>\n<p><strong>S\u00e1bado 25 de mayo<\/strong><\/p>\n<p><span class=\"fontstyle0\">09:00 h. Salida hacia a la zona arqueol\u00f3gica.<br \/>09:45 h. Visita a los yacimientos desde Ibeas de Juarros.<br \/>11:45 h. Actividades en el Parque Arqueol\u00f3gico.<br \/>14:00 h. Comida en restaurante \u201cComosapiens\u201d.<br \/>16:15 h. Visita guiada al entorno (pueblos y paisaje del Camino Santiago: Ag\u00e9s<br \/>&amp; Rom\u00e1nico, San Juan de Ortega).<br \/>18:00 h. Regreso a Burgos.<br \/>18:45 h. Llegada al hotel y tiempo libre<br \/>21:00 h. Cena libre en grupos en casco antiguo<\/span> <\/p>\n<p><strong>Domingo\u00a0<\/strong><\/p>\n<p><span class=\"fontstyle0\">09:00 h. Vista panor\u00e1mica y vista guiada a la Catedral de Burgos.<br \/>12:30 h. Regreso a Valencia (comida libre en ruta).<br \/>21:00 h. Llegada a lugar de origen.<\/span> <\/p>\n\t\t\t\t\t\t\t\t<\/div>\n\t\t\t\t<\/div>\n\t\t\t\t\t<\/div>\n\t\t<\/div>\n\t\t\t\t<div class=\"elementor-column elementor-col-50 elementor-inner-column elementor-element elementor-element-88c7057\" data-id=\"88c7057\" data-element_type=\"column\">\n\t\t\t<div class=\"elementor-widget-wrap elementor-element-populated\">\n\t\t\t\t\t\t<div class=\"elementor-element elementor-element-8283c8e elementor-widget elementor-widget-heading\" data-id=\"8283c8e\" data-element_type=\"widget\" data-widget_type=\"heading.default\">\n\t\t\t\t<div class=\"elementor-widget-container\">\n\t\t\t\t\t<h2 class=\"elementor-heading-title elementor-size-default\">\u00bfQU\u00c9 INCLUYE?<\/h2>\t\t\t\t<\/div>\n\t\t\t\t<\/div>\n\t\t\t\t<div class=\"elementor-element elementor-element-04d44c6 pcol2 elementor-widget elementor-widget-text-editor\" data-id=\"04d44c6\" data-element_type=\"widget\" id=\"pcol2\" data-widget_type=\"text-editor.default\">\n\t\t\t\t<div class=\"elementor-widget-container\">\n\t\t\t\t\t\t\t\t\t<p><span class=\"fontstyle0\">Autob\u00fas en todos los trayectos<\/span><\/p>\n<p><span class=\"fontstyle0\">Alojamiento Hotel **** Puerta de Burgos, precio por persona en habitaci\u00f3n doble y desayuno buffet 2 d\u00edas (Suplemento individual 26\u20ac persona\/d\u00eda).<\/span><\/p>\n<p><span class=\"fontstyle0\">Entrada al Museo de la Evoluci\u00f3n (Pensionistas y mayores de 65 a\u00f1os es gratis<br \/>como indicamos, deben llevar documento acreditativo, y se descuentan 4\u20ac del<br \/>precio se\u00f1alado).<\/span><\/p>\n<p><span class=\"fontstyle0\">Visita a Yacimientos y Parque Arqueol\u00f3gico CAREX.<\/span><\/p>\n<p><span class=\"fontstyle0\">Comidas d\u00eda 24 en Hotel Alisa de Lerma; d\u00eda 25 en restaurante \u201cComosapiens\u201d<br \/>en Atapuerca.<\/span><\/p>\n<p><span class=\"fontstyle0\">2 gu\u00edas acompa\u00f1ante de Natura y Cultura durante todo el trayecto.<\/span><\/p>\n<p><span class=\"fontstyle0\">Visita guiada pueblos camino Santiago y Monasterio Rom\u00e1nico San Juan.<\/span><\/p>\n<p><span class=\"fontstyle0\">Visita guiada casco antiguo y catedral (gu\u00eda oficial de Burgos) + Entrada a la<br \/>catedral.<\/span><\/p>\n<p><span class=\"fontstyle0\">Seguro de Viaje.<\/span><\/p>\n<p><span class=\"fontstyle0\">Coordinaciones y gestiones.<\/span><\/p>\n<p><span class=\"fontstyle0\"><strong>No incluye:<\/strong><br \/><\/span><span class=\"fontstyle2\">Cenas y comida de regreso el d\u00eda 21<\/span> <\/p>\n\t\t\t\t\t\t\t\t<\/div>\n\t\t\t\t<\/div>\n\t\t\t\t<div class=\"elementor-element elementor-element-e3beb84 elementor-widget elementor-widget-heading\" data-id=\"e3beb84\" data-element_type=\"widget\" data-widget_type=\"heading.default\">\n\t\t\t\t<div class=\"elementor-widget-container\">\n\t\t\t\t\t<h2 class=\"elementor-heading-title elementor-size-default\">RESERVAS Y CANCELACIONES<\/h2>\t\t\t\t<\/div>\n\t\t\t\t<\/div>\n\t\t\t\t<div class=\"elementor-element elementor-element-fa4432a pcol2 elementor-widget elementor-widget-text-editor\" data-id=\"fa4432a\" data-element_type=\"widget\" data-widget_type=\"text-editor.default\">\n\t\t\t\t<div class=\"elementor-widget-container\">\n\t\t\t\t\t\t\t\t\t<p><span class=\"fontstyle0\">Reservas 50%, pago total 15 d\u00edas antes de la fecha de salida. Cancelaciones<br \/>entre 45 d\u00edas y 30 d\u00edas antes de la llegada se factura un 10%<br \/>Cancelaciones entre 30 d\u00edas y 21 d\u00edas antes de la llegada se factura un 25%<br \/>Cancelaciones entre 20 d\u00edas y 4 d\u00edas antes de la llegada se factura un 50%<br \/>Cancelaciones dentro de los tres d\u00edas antes de la llegada se factura un 100%<\/span> <\/p>\n\t\t\t\t\t\t\t\t<\/div>\n\t\t\t\t<\/div>\n\t\t\t\t\t<\/div>\n\t\t<\/div>\n\t\t\t\t\t<\/div>\n\t\t<\/section>\n\t\t\t\t\t<\/div>\n\t\t<\/div>\n\t\t\t\t\t<\/div>\n\t\t<\/section>\n\t\t\t\t<\/div>\n\t\t","protected":false},"excerpt":{"rendered":"<p><span style=\"font-size: 18px\"><strong>Fechas:<\/strong> <span class=\"fontstyle0\">24 al 26 de mayo 2019<\/span> \/ <strong>Plazas:<\/strong>  disponibles<\/span><\/p>\n<p>Entradas museo evoluci\u00f3n, yacimientos y parque arqueol\u00f3gico con alojamiento de 2 noches y 2 desayunos. Aprovecha para visitar estos puntos tan interesantes de nuestra geograf\u00eda junto a unos gu\u00edas especializados en turismo cultural y sostenible (*Sujeto a completar el m\u00ednimo necesario para su realizaci\u00f3n de 40 participantes)<\/p>\n<h5 class=\"customPriceStyle\"><span style=\"color: #a73834;font-size: 25px\">257\u20ac( por persona en habitaci\u00f3n doble)<\/span><\/h5>\n<p><strong><span class=\"fontstyle2\">*En habitaci\u00f3n individual suplemento de +52 \u20ac <\/span><\/strong><span class=\"fontstyle0\">(IVA incluido)<\/span><\/p>\n<p><span class=\"fontstyle0\">Jubilados y pensionistas se les descontar\u00e1n 4 \u20ac (deber\u00e1n llevar o enviar el documento acreditativo v\u00e1lido)<\/span><\/p>\n<p><span style=\"font-size: 18px;color: ##3c4b71\"><strong>Se pagar\u00e1 un 50% del total para reservar.<\/strong>El pago total se realizar\u00e1 15 dias antes de la fecha de salida, se contactar\u00e1 v\u00eda email o tel\u00e9fono a cada participante para gestionar el pago del resto del viaje.<\/span><\/p>\n","protected":false},"featured_media":2649,"template":"","meta":[],"product_brand":[],"product_cat":[200,201,199,80],"product_tag":[202,203],"class_list":{"0":"post-3088","1":"product","2":"type-product","3":"status-publish","4":"has-post-thumbnail","6":"product_cat-cultural-val","7":"product_cat-historia-val","8":"product_cat-mayores-val","9":"product_cat-viatges","10":"product_tag-atapuerca-val","11":"product_tag-senior-val","13":"first","14":"outofstock","15":"taxable","16":"shipping-taxable","17":"purchasable","18":"product-type-variable"},"yoast_head":"<!-- This site is optimized with the Yoast SEO plugin v25.8 - https:\/\/yoast.com\/wordpress\/plugins\/seo\/ -->\n<title>VIAJE FIN DIPLOMATURA 2018-2019 UNIVERSIDAD S\u00c9NIOR UNIVERSITAT POLIT\u00c8CNICA DE VAL\u00c8NCIA. ATAPUERCA (BURGOS) - Natura y Cultura Tours<\/title>\n<meta name=\"robots\" content=\"index, follow, max-snippet:-1, max-image-preview:large, max-video-preview:-1\" \/>\n<link rel=\"canonical\" href=\"https:\/\/naturayculturatours.com\/val\/reservas\/viaje-fin-diplomatura2018-2019-universidad-senior-upv-atapuerca-burgos\/\" \/>\n<meta property=\"og:locale\" content=\"en_US\" \/>\n<meta property=\"og:type\" content=\"article\" \/>\n<meta property=\"og:title\" content=\"VIAJE FIN DIPLOMATURA 2018-2019 UNIVERSIDAD S\u00c9NIOR UNIVERSITAT POLIT\u00c8CNICA DE VAL\u00c8NCIA. ATAPUERCA (BURGOS) - Natura y Cultura Tours\" \/>\n<meta property=\"og:description\" content=\"Fechas: 24 al 26 de mayo 2019 \/ Plazas: disponibles Entradas museo evoluci\u00f3n, yacimientos y parque arqueol\u00f3gico con alojamiento de 2 noches y 2 desayunos. Aprovecha para visitar estos puntos tan interesantes de nuestra geograf\u00eda junto a unos gu\u00edas especializados en turismo cultural y sostenible (*Sujeto a completar el m\u00ednimo necesario para su realizaci\u00f3n de 40 participantes) 257\u20ac( por persona en habitaci\u00f3n doble) *En habitaci\u00f3n individual suplemento de +52 \u20ac (IVA incluido) Jubilados y pensionistas se les descontar\u00e1n 4 \u20ac (deber\u00e1n llevar o enviar el documento acreditativo v\u00e1lido) Se pagar\u00e1 un 50% del total para reservar.El pago total se realizar\u00e1 15 dias antes de la fecha de salida, se contactar\u00e1 v\u00eda email o tel\u00e9fono a cada participante para gestionar el pago del resto del viaje.\" \/>\n<meta property=\"og:url\" content=\"https:\/\/naturayculturatours.com\/val\/reservas\/viaje-fin-diplomatura2018-2019-universidad-senior-upv-atapuerca-burgos\/\" \/>\n<meta property=\"og:site_name\" content=\"Natura y Cultura Tours\" \/>\n<meta property=\"article:modified_time\" content=\"2019-05-22T09:26:10+00:00\" \/>\n<meta property=\"og:image\" content=\"https:\/\/naturayculturatours.com\/wp-content\/uploads\/2018\/10\/1448567844.jpg\" \/>\n\t<meta property=\"og:image:width\" content=\"800\" \/>\n\t<meta property=\"og:image:height\" content=\"597\" \/>\n\t<meta property=\"og:image:type\" content=\"image\/jpeg\" \/>\n<meta name=\"twitter:card\" content=\"summary_large_image\" \/>\n<meta name=\"twitter:label1\" content=\"Est. reading time\" \/>\n\t<meta name=\"twitter:data1\" content=\"2 minutes\" \/>\n<script type=\"application\/ld+json\" class=\"yoast-schema-graph\">{\"@context\":\"https:\/\/schema.org\",\"@graph\":[{\"@type\":\"WebPage\",\"@id\":\"https:\/\/naturayculturatours.com\/val\/reservas\/viaje-fin-diplomatura2018-2019-universidad-senior-upv-atapuerca-burgos\/\",\"url\":\"https:\/\/naturayculturatours.com\/val\/reservas\/viaje-fin-diplomatura2018-2019-universidad-senior-upv-atapuerca-burgos\/\",\"name\":\"VIAJE FIN DIPLOMATURA 2018-2019 UNIVERSIDAD S\u00c9NIOR UNIVERSITAT POLIT\u00c8CNICA DE VAL\u00c8NCIA. ATAPUERCA (BURGOS) - Natura y Cultura Tours\",\"isPartOf\":{\"@id\":\"https:\/\/naturayculturatours.com\/#website\"},\"primaryImageOfPage\":{\"@id\":\"https:\/\/naturayculturatours.com\/val\/reservas\/viaje-fin-diplomatura2018-2019-universidad-senior-upv-atapuerca-burgos\/#primaryimage\"},\"image\":{\"@id\":\"https:\/\/naturayculturatours.com\/val\/reservas\/viaje-fin-diplomatura2018-2019-universidad-senior-upv-atapuerca-burgos\/#primaryimage\"},\"thumbnailUrl\":\"https:\/\/naturayculturatours.com\/wp-content\/uploads\/2018\/10\/1448567844.jpg\",\"datePublished\":\"2019-03-21T09:25:49+00:00\",\"dateModified\":\"2019-05-22T09:26:10+00:00\",\"breadcrumb\":{\"@id\":\"https:\/\/naturayculturatours.com\/val\/reservas\/viaje-fin-diplomatura2018-2019-universidad-senior-upv-atapuerca-burgos\/#breadcrumb\"},\"inLanguage\":\"val\",\"potentialAction\":[{\"@type\":\"ReadAction\",\"target\":[\"https:\/\/naturayculturatours.com\/val\/reservas\/viaje-fin-diplomatura2018-2019-universidad-senior-upv-atapuerca-burgos\/\"]}]},{\"@type\":\"ImageObject\",\"inLanguage\":\"val\",\"@id\":\"https:\/\/naturayculturatours.com\/val\/reservas\/viaje-fin-diplomatura2018-2019-universidad-senior-upv-atapuerca-burgos\/#primaryimage\",\"url\":\"https:\/\/naturayculturatours.com\/wp-content\/uploads\/2018\/10\/1448567844.jpg\",\"contentUrl\":\"https:\/\/naturayculturatours.com\/wp-content\/uploads\/2018\/10\/1448567844.jpg\",\"width\":800,\"height\":597},{\"@type\":\"BreadcrumbList\",\"@id\":\"https:\/\/naturayculturatours.com\/val\/reservas\/viaje-fin-diplomatura2018-2019-universidad-senior-upv-atapuerca-burgos\/#breadcrumb\",\"itemListElement\":[{\"@type\":\"ListItem\",\"position\":1,\"name\":\"Portada\",\"item\":\"https:\/\/naturayculturatours.com\/val\/\"},{\"@type\":\"ListItem\",\"position\":2,\"name\":\"Shop\",\"item\":\"https:\/\/naturayculturatours.com\/val\/tenda\/\"},{\"@type\":\"ListItem\",\"position\":3,\"name\":\"VIAJE FIN DIPLOMATURA 2018-2019 UNIVERSIDAD S\u00c9NIOR UNIVERSITAT POLIT\u00c8CNICA DE VAL\u00c8NCIA. ATAPUERCA (BURGOS)\"}]},{\"@type\":\"WebSite\",\"@id\":\"https:\/\/naturayculturatours.com\/#website\",\"url\":\"https:\/\/naturayculturatours.com\/\",\"name\":\"Natura y Cultura Tours\",\"description\":\"Turismo responsable\",\"publisher\":{\"@id\":\"https:\/\/naturayculturatours.com\/#organization\"},\"potentialAction\":[{\"@type\":\"SearchAction\",\"target\":{\"@type\":\"EntryPoint\",\"urlTemplate\":\"https:\/\/naturayculturatours.com\/?s={search_term_string}\"},\"query-input\":{\"@type\":\"PropertyValueSpecification\",\"valueRequired\":true,\"valueName\":\"search_term_string\"}}],\"inLanguage\":\"val\"},{\"@type\":\"Organization\",\"@id\":\"https:\/\/naturayculturatours.com\/#organization\",\"name\":\"Natura y Cultura Tours\",\"url\":\"https:\/\/naturayculturatours.com\/\",\"logo\":{\"@type\":\"ImageObject\",\"inLanguage\":\"val\",\"@id\":\"https:\/\/naturayculturatours.com\/#\/schema\/logo\/image\/\",\"url\":\"https:\/\/naturayculturatours.com\/wp-content\/uploads\/2025\/10\/cropped-Logo-nYc-pequeno.png\",\"contentUrl\":\"https:\/\/naturayculturatours.com\/wp-content\/uploads\/2025\/10\/cropped-Logo-nYc-pequeno.png\",\"width\":300,\"height\":115,\"caption\":\"Natura y Cultura Tours\"},\"image\":{\"@id\":\"https:\/\/naturayculturatours.com\/#\/schema\/logo\/image\/\"}}]}<\/script>\n<!-- \/ Yoast SEO plugin. -->","yoast_head_json":{"title":"VIAJE FIN DIPLOMATURA 2018-2019 UNIVERSIDAD S\u00c9NIOR UNIVERSITAT POLIT\u00c8CNICA DE VAL\u00c8NCIA. ATAPUERCA (BURGOS) - Natura y Cultura Tours","robots":{"index":"index","follow":"follow","max-snippet":"max-snippet:-1","max-image-preview":"max-image-preview:large","max-video-preview":"max-video-preview:-1"},"canonical":"https:\/\/naturayculturatours.com\/val\/reservas\/viaje-fin-diplomatura2018-2019-universidad-senior-upv-atapuerca-burgos\/","og_locale":"en_US","og_type":"article","og_title":"VIAJE FIN DIPLOMATURA 2018-2019 UNIVERSIDAD S\u00c9NIOR UNIVERSITAT POLIT\u00c8CNICA DE VAL\u00c8NCIA. ATAPUERCA (BURGOS) - Natura y Cultura Tours","og_description":"Fechas: 24 al 26 de mayo 2019 \/ Plazas: disponibles Entradas museo evoluci\u00f3n, yacimientos y parque arqueol\u00f3gico con alojamiento de 2 noches y 2 desayunos. Aprovecha para visitar estos puntos tan interesantes de nuestra geograf\u00eda junto a unos gu\u00edas especializados en turismo cultural y sostenible (*Sujeto a completar el m\u00ednimo necesario para su realizaci\u00f3n de 40 participantes) 257\u20ac( por persona en habitaci\u00f3n doble) *En habitaci\u00f3n individual suplemento de +52 \u20ac (IVA incluido) Jubilados y pensionistas se les descontar\u00e1n 4 \u20ac (deber\u00e1n llevar o enviar el documento acreditativo v\u00e1lido) Se pagar\u00e1 un 50% del total para reservar.El pago total se realizar\u00e1 15 dias antes de la fecha de salida, se contactar\u00e1 v\u00eda email o tel\u00e9fono a cada participante para gestionar el pago del resto del viaje.","og_url":"https:\/\/naturayculturatours.com\/val\/reservas\/viaje-fin-diplomatura2018-2019-universidad-senior-upv-atapuerca-burgos\/","og_site_name":"Natura y Cultura Tours","article_modified_time":"2019-05-22T09:26:10+00:00","og_image":[{"width":800,"height":597,"url":"https:\/\/naturayculturatours.com\/wp-content\/uploads\/2018\/10\/1448567844.jpg","type":"image\/jpeg"}],"twitter_card":"summary_large_image","twitter_misc":{"Est. reading time":"2 minutes"},"schema":{"@context":"https:\/\/schema.org","@graph":[{"@type":"WebPage","@id":"https:\/\/naturayculturatours.com\/val\/reservas\/viaje-fin-diplomatura2018-2019-universidad-senior-upv-atapuerca-burgos\/","url":"https:\/\/naturayculturatours.com\/val\/reservas\/viaje-fin-diplomatura2018-2019-universidad-senior-upv-atapuerca-burgos\/","name":"VIAJE FIN DIPLOMATURA 2018-2019 UNIVERSIDAD S\u00c9NIOR UNIVERSITAT POLIT\u00c8CNICA DE VAL\u00c8NCIA. ATAPUERCA (BURGOS) - Natura y Cultura Tours","isPartOf":{"@id":"https:\/\/naturayculturatours.com\/#website"},"primaryImageOfPage":{"@id":"https:\/\/naturayculturatours.com\/val\/reservas\/viaje-fin-diplomatura2018-2019-universidad-senior-upv-atapuerca-burgos\/#primaryimage"},"image":{"@id":"https:\/\/naturayculturatours.com\/val\/reservas\/viaje-fin-diplomatura2018-2019-universidad-senior-upv-atapuerca-burgos\/#primaryimage"},"thumbnailUrl":"https:\/\/naturayculturatours.com\/wp-content\/uploads\/2018\/10\/1448567844.jpg","datePublished":"2019-03-21T09:25:49+00:00","dateModified":"2019-05-22T09:26:10+00:00","breadcrumb":{"@id":"https:\/\/naturayculturatours.com\/val\/reservas\/viaje-fin-diplomatura2018-2019-universidad-senior-upv-atapuerca-burgos\/#breadcrumb"},"inLanguage":"val","potentialAction":[{"@type":"ReadAction","target":["https:\/\/naturayculturatours.com\/val\/reservas\/viaje-fin-diplomatura2018-2019-universidad-senior-upv-atapuerca-burgos\/"]}]},{"@type":"ImageObject","inLanguage":"val","@id":"https:\/\/naturayculturatours.com\/val\/reservas\/viaje-fin-diplomatura2018-2019-universidad-senior-upv-atapuerca-burgos\/#primaryimage","url":"https:\/\/naturayculturatours.com\/wp-content\/uploads\/2018\/10\/1448567844.jpg","contentUrl":"https:\/\/naturayculturatours.com\/wp-content\/uploads\/2018\/10\/1448567844.jpg","width":800,"height":597},{"@type":"BreadcrumbList","@id":"https:\/\/naturayculturatours.com\/val\/reservas\/viaje-fin-diplomatura2018-2019-universidad-senior-upv-atapuerca-burgos\/#breadcrumb","itemListElement":[{"@type":"ListItem","position":1,"name":"Portada","item":"https:\/\/naturayculturatours.com\/val\/"},{"@type":"ListItem","position":2,"name":"Shop","item":"https:\/\/naturayculturatours.com\/val\/tenda\/"},{"@type":"ListItem","position":3,"name":"VIAJE FIN DIPLOMATURA 2018-2019 UNIVERSIDAD S\u00c9NIOR UNIVERSITAT POLIT\u00c8CNICA DE VAL\u00c8NCIA. ATAPUERCA (BURGOS)"}]},{"@type":"WebSite","@id":"https:\/\/naturayculturatours.com\/#website","url":"https:\/\/naturayculturatours.com\/","name":"Natura y Cultura Tours","description":"Turismo responsable","publisher":{"@id":"https:\/\/naturayculturatours.com\/#organization"},"potentialAction":[{"@type":"SearchAction","target":{"@type":"EntryPoint","urlTemplate":"https:\/\/naturayculturatours.com\/?s={search_term_string}"},"query-input":{"@type":"PropertyValueSpecification","valueRequired":true,"valueName":"search_term_string"}}],"inLanguage":"val"},{"@type":"Organization","@id":"https:\/\/naturayculturatours.com\/#organization","name":"Natura y Cultura Tours","url":"https:\/\/naturayculturatours.com\/","logo":{"@type":"ImageObject","inLanguage":"val","@id":"https:\/\/naturayculturatours.com\/#\/schema\/logo\/image\/","url":"https:\/\/naturayculturatours.com\/wp-content\/uploads\/2025\/10\/cropped-Logo-nYc-pequeno.png","contentUrl":"https:\/\/naturayculturatours.com\/wp-content\/uploads\/2025\/10\/cropped-Logo-nYc-pequeno.png","width":300,"height":115,"caption":"Natura y Cultura Tours"},"image":{"@id":"https:\/\/naturayculturatours.com\/#\/schema\/logo\/image\/"}}]}},"_links":{"self":[{"href":"https:\/\/naturayculturatours.com\/val\/wp-json\/wp\/v2\/product\/3088","targetHints":{"allow":["GET"]}}],"collection":[{"href":"https:\/\/naturayculturatours.com\/val\/wp-json\/wp\/v2\/product"}],"about":[{"href":"https:\/\/naturayculturatours.com\/val\/wp-json\/wp\/v2\/types\/product"}],"version-history":[{"count":4,"href":"https:\/\/naturayculturatours.com\/val\/wp-json\/wp\/v2\/product\/3088\/revisions"}],"predecessor-version":[{"id":3118,"href":"https:\/\/naturayculturatours.com\/val\/wp-json\/wp\/v2\/product\/3088\/revisions\/3118"}],"wp:featuredmedia":[{"embeddable":true,"href":"https:\/\/naturayculturatours.com\/val\/wp-json\/wp\/v2\/media\/2649"}],"wp:attachment":[{"href":"https:\/\/naturayculturatours.com\/val\/wp-json\/wp\/v2\/media?parent=3088"}],"wp:term":[{"taxonomy":"product_brand","embeddable":true,"href":"https:\/\/naturayculturatours.com\/val\/wp-json\/wp\/v2\/product_brand?post=3088"},{"taxonomy":"product_cat","embeddable":true,"href":"https:\/\/naturayculturatours.com\/val\/wp-json\/wp\/v2\/product_cat?post=3088"},{"taxonomy":"product_tag","embeddable":true,"href":"https:\/\/naturayculturatours.com\/val\/wp-json\/wp\/v2\/product_tag?post=3088"}],"curies":[{"name":"wp","href":"https:\/\/api.w.org\/{rel}","templated":true}]}}