{"id":5273,"date":"2024-06-13T09:11:51","date_gmt":"2024-06-13T07:11:51","guid":{"rendered":"https:\/\/naturayculturatours.com\/?post_type=product&#038;p=5273"},"modified":"2024-06-13T09:38:28","modified_gmt":"2024-06-13T07:38:28","slug":"curso-evolucio-humana-upv-viaje-atapuerca-burgos-2024","status":"publish","type":"product","link":"https:\/\/naturayculturatours.com\/val\/reservas\/curso-evolucio-humana-upv-viaje-atapuerca-burgos-2024\/","title":{"rendered":"Curs Evoluci\u00f3 Humana UPV- Viatge ATAPUERCA BURGOS 2024"},"content":{"rendered":"\t\t<div data-elementor-type=\"wp-post\" data-elementor-id=\"5273\" class=\"elementor elementor-5273\" data-elementor-post-type=\"product\">\n\t\t\t\t\t\t<section class=\"elementor-section elementor-top-section elementor-element elementor-element-19cfea0 elementor-section-stretched pcont elementor-section-boxed elementor-section-height-default elementor-section-height-default\" data-id=\"19cfea0\" data-element_type=\"section\" id=\"pcont\" data-settings=\"{&quot;jet_parallax_layout_list&quot;:[{&quot;jet_parallax_layout_image&quot;:{&quot;url&quot;:&quot;&quot;,&quot;id&quot;:&quot;&quot;,&quot;size&quot;:&quot;&quot;},&quot;_id&quot;:&quot;7e8327b&quot;,&quot;jet_parallax_layout_speed&quot;:{&quot;unit&quot;:&quot;%&quot;,&quot;size&quot;:50,&quot;sizes&quot;:[]},&quot;jet_parallax_layout_image_tablet&quot;:{&quot;url&quot;:&quot;&quot;,&quot;id&quot;:&quot;&quot;,&quot;size&quot;:&quot;&quot;},&quot;jet_parallax_layout_image_mobile&quot;:{&quot;url&quot;:&quot;&quot;,&quot;id&quot;:&quot;&quot;,&quot;size&quot;:&quot;&quot;},&quot;jet_parallax_layout_type&quot;:&quot;scroll&quot;,&quot;jet_parallax_layout_direction&quot;:&quot;1&quot;,&quot;jet_parallax_layout_fx_direction&quot;:null,&quot;jet_parallax_layout_z_index&quot;:&quot;&quot;,&quot;jet_parallax_layout_bg_x&quot;:50,&quot;jet_parallax_layout_bg_x_tablet&quot;:&quot;&quot;,&quot;jet_parallax_layout_bg_x_mobile&quot;:&quot;&quot;,&quot;jet_parallax_layout_bg_y&quot;:50,&quot;jet_parallax_layout_bg_y_tablet&quot;:&quot;&quot;,&quot;jet_parallax_layout_bg_y_mobile&quot;:&quot;&quot;,&quot;jet_parallax_layout_bg_size&quot;:&quot;auto&quot;,&quot;jet_parallax_layout_bg_size_tablet&quot;:&quot;&quot;,&quot;jet_parallax_layout_bg_size_mobile&quot;:&quot;&quot;,&quot;jet_parallax_layout_animation_prop&quot;:&quot;transform&quot;,&quot;jet_parallax_layout_on&quot;:[&quot;desktop&quot;,&quot;tablet&quot;]}],&quot;stretch_section&quot;:&quot;section-stretched&quot;}\">\n\t\t\t\t\t\t<div class=\"elementor-container elementor-column-gap-default\">\n\t\t\t\t\t<div class=\"elementor-column elementor-col-100 elementor-top-column elementor-element elementor-element-0e972a9\" data-id=\"0e972a9\" data-element_type=\"column\">\n\t\t\t<div class=\"elementor-widget-wrap elementor-element-populated\">\n\t\t\t\t\t\t<section class=\"elementor-section elementor-inner-section elementor-element elementor-element-4bcfcc7 elementor-section-full_width pcontcol elementor-section-height-default elementor-section-height-default\" data-id=\"4bcfcc7\" data-element_type=\"section\" id=\"pcontcol\" data-settings=\"{&quot;jet_parallax_layout_list&quot;:[{&quot;jet_parallax_layout_image&quot;:{&quot;url&quot;:&quot;&quot;,&quot;id&quot;:&quot;&quot;,&quot;size&quot;:&quot;&quot;},&quot;_id&quot;:&quot;edc8c20&quot;,&quot;jet_parallax_layout_speed&quot;:{&quot;unit&quot;:&quot;%&quot;,&quot;size&quot;:50,&quot;sizes&quot;:[]},&quot;jet_parallax_layout_image_tablet&quot;:{&quot;url&quot;:&quot;&quot;,&quot;id&quot;:&quot;&quot;,&quot;size&quot;:&quot;&quot;},&quot;jet_parallax_layout_image_mobile&quot;:{&quot;url&quot;:&quot;&quot;,&quot;id&quot;:&quot;&quot;,&quot;size&quot;:&quot;&quot;},&quot;jet_parallax_layout_type&quot;:&quot;scroll&quot;,&quot;jet_parallax_layout_direction&quot;:&quot;1&quot;,&quot;jet_parallax_layout_fx_direction&quot;:null,&quot;jet_parallax_layout_z_index&quot;:&quot;&quot;,&quot;jet_parallax_layout_bg_x&quot;:50,&quot;jet_parallax_layout_bg_x_tablet&quot;:&quot;&quot;,&quot;jet_parallax_layout_bg_x_mobile&quot;:&quot;&quot;,&quot;jet_parallax_layout_bg_y&quot;:50,&quot;jet_parallax_layout_bg_y_tablet&quot;:&quot;&quot;,&quot;jet_parallax_layout_bg_y_mobile&quot;:&quot;&quot;,&quot;jet_parallax_layout_bg_size&quot;:&quot;auto&quot;,&quot;jet_parallax_layout_bg_size_tablet&quot;:&quot;&quot;,&quot;jet_parallax_layout_bg_size_mobile&quot;:&quot;&quot;,&quot;jet_parallax_layout_animation_prop&quot;:&quot;transform&quot;,&quot;jet_parallax_layout_on&quot;:[&quot;desktop&quot;,&quot;tablet&quot;]}]}\">\n\t\t\t\t\t\t<div class=\"elementor-container elementor-column-gap-default\">\n\t\t\t\t\t<div class=\"elementor-column elementor-col-50 elementor-inner-column elementor-element elementor-element-b7f9aa3\" data-id=\"b7f9aa3\" data-element_type=\"column\">\n\t\t\t<div class=\"elementor-widget-wrap elementor-element-populated\">\n\t\t\t\t\t\t<div class=\"elementor-element elementor-element-7530ef5 elementor-widget elementor-widget-heading\" data-id=\"7530ef5\" data-element_type=\"widget\" data-widget_type=\"heading.default\">\n\t\t\t\t<div class=\"elementor-widget-container\">\n\t\t\t\t\t<h2 class=\"elementor-heading-title elementor-size-default\"><pre id=\"tw-target-text\" class=\"tw-data-text tw-text-large tw-ta\" dir=\"ltr\" data-placeholder=\"Traducci\u00f3n\" aria-label=\"Texto traducido\" data-ved=\"2ahUKEwjOqPq6iNiGAxVmBtsEHYABAyQQ3ewLegQICBAU\"><span class=\"Y2IQFc\" lang=\"ca\">HORA DE SORTIDA I PUNT DE TROBADA<\/span><\/pre><\/h2>\t\t\t\t<\/div>\n\t\t\t\t<\/div>\n\t\t\t\t<div class=\"elementor-element elementor-element-04e0276 pcol1 elementor-widget elementor-widget-text-editor\" data-id=\"04e0276\" data-element_type=\"widget\" data-widget_type=\"text-editor.default\">\n\t\t\t\t<div class=\"elementor-widget-container\">\n\t\t\t\t\t\t\t\t\t<p><span class=\"Y2IQFc\" lang=\"ca\">HORARI D&#8217;ACC\u00c9S A L&#8217;AUTOB\u00daS A LES 06:45 \u2013 07:00 h. <\/span><\/p>\n<ul>\n<li><span class=\"Y2IQFc\" lang=\"ca\">L\u00b4autob\u00fas sortir\u00e0 del punt de trobada al\u00b4hora prevista. Per raons de programaci\u00f3 no podr\u00e0 esperar persones que s&#8217;endarrereixin. <\/span><\/li>\n<li><span class=\"Y2IQFc\" lang=\"ca\">Els seients no van numerats, si alg\u00fa t\u00e9 alguna necessitat especial se li assignar\u00e0 solid\u00e0riament l&#8217;assent m\u00e9s apropiat. <\/span><\/li>\n<li><span class=\"Y2IQFc\" lang=\"ca\">Es recomana roba d&#8217;abric ja que a Burgos fa fred, en particular a les nits. <\/span><\/li>\n<li><span class=\"Y2IQFc\" lang=\"ca\">Cal\u00e7at i roba c\u00f2moda. <\/span><\/li>\n<li><span class=\"Y2IQFc\" lang=\"ca\">Quedarem al PUNT DE TROBADA N\u00daM. 13 al costat de la porta d&#8217;acc\u00e9s P que est\u00e0 al costat de l&#8217;edifici on donem les classes d&#8217;Evoluci\u00f3 Humana i Medi Ambient (VEURE PL\u00c0NOL i IMATGES), en cas de dubte reviseu.<\/span><\/li>\n<\/ul>\n\t\t\t\t\t\t\t\t<\/div>\n\t\t\t\t<\/div>\n\t\t\t\t<div class=\"elementor-element elementor-element-6ddf8e3 elementor-widget elementor-widget-image\" data-id=\"6ddf8e3\" data-element_type=\"widget\" data-widget_type=\"image.default\">\n\t\t\t\t<div class=\"elementor-widget-container\">\n\t\t\t\t\t\t\t\t\t\t\t\t\t\t\t<img fetchpriority=\"high\" decoding=\"async\" width=\"964\" height=\"807\" src=\"https:\/\/naturayculturatours.com\/wp-content\/uploads\/2024\/06\/putnoencuentro.png\" class=\"attachment-large size-large wp-image-5288\" alt=\"\" srcset=\"https:\/\/naturayculturatours.com\/wp-content\/uploads\/2024\/06\/putnoencuentro.png 964w, https:\/\/naturayculturatours.com\/wp-content\/uploads\/2024\/06\/putnoencuentro-300x251.png 300w, https:\/\/naturayculturatours.com\/wp-content\/uploads\/2024\/06\/putnoencuentro-768x643.png 768w, https:\/\/naturayculturatours.com\/wp-content\/uploads\/2024\/06\/putnoencuentro-600x502.png 600w\" sizes=\"(max-width: 964px) 100vw, 964px\" \/>\t\t\t\t\t\t\t\t\t\t\t\t\t\t\t<\/div>\n\t\t\t\t<\/div>\n\t\t\t\t<div class=\"elementor-element elementor-element-8283c8e elementor-widget elementor-widget-heading\" data-id=\"8283c8e\" data-element_type=\"widget\" data-widget_type=\"heading.default\">\n\t\t\t\t<div class=\"elementor-widget-container\">\n\t\t\t\t\t<h2 class=\"elementor-heading-title elementor-size-default\">QU\u00c8 INCLOU?<\/h2>\t\t\t\t<\/div>\n\t\t\t\t<\/div>\n\t\t\t\t<div class=\"elementor-element elementor-element-04d44c6 pcol2 elementor-widget elementor-widget-text-editor\" data-id=\"04d44c6\" data-element_type=\"widget\" id=\"pcol2\" data-widget_type=\"text-editor.default\">\n\t\t\t\t<div class=\"elementor-widget-container\">\n\t\t\t\t\t\t\t\t\t<ul>\n<li id=\"tw-target-text\" class=\"tw-data-text tw-text-large tw-ta\" dir=\"ltr\" data-placeholder=\"Traducci\u00f3n\" aria-label=\"Texto traducido\" data-ved=\"2ahUKEwjOqPq6iNiGAxVmBtsEHYABAyQQ3ewLegQICBAU\"><span class=\"Y2IQFc\" lang=\"ca\">Autob\u00fas a tots els trajectes. <\/span><\/li>\n<li class=\"tw-data-text tw-text-large tw-ta\" dir=\"ltr\" data-placeholder=\"Traducci\u00f3n\" aria-label=\"Texto traducido\" data-ved=\"2ahUKEwjOqPq6iNiGAxVmBtsEHYABAyQQ3ewLegQICBAU\"><span class=\"Y2IQFc\" lang=\"ca\">Allotjament Hotel **** Porta de Burgos, preu per persona en habitaci\u00f3 doble i esmorzar buffet 2 dies. <\/span><\/li>\n<li class=\"tw-data-text tw-text-large tw-ta\" dir=\"ltr\" data-placeholder=\"Traducci\u00f3n\" aria-label=\"Texto traducido\" data-ved=\"2ahUKEwjOqPq6iNiGAxVmBtsEHYABAyQQ3ewLegQICBAU\"><span class=\"Y2IQFc\" lang=\"ca\">Visita a Museu de l\u00b4Evoluci\u00f3, Jaciments i Parc Arqueol\u00f2gic CAREX. <\/span><\/li>\n<li class=\"tw-data-text tw-text-large tw-ta\" dir=\"ltr\" data-placeholder=\"Traducci\u00f3n\" aria-label=\"Texto traducido\" data-ved=\"2ahUKEwjOqPq6iNiGAxVmBtsEHYABAyQQ3ewLegQICBAU\"><span class=\"Y2IQFc\" lang=\"ca\">Dinars dia 27 a Restaurant Lis 2 de Lerma; dia 28 al restaurant \u201cLos Claveles\u201d. <\/span><\/li>\n<li class=\"tw-data-text tw-text-large tw-ta\" dir=\"ltr\" data-placeholder=\"Traducci\u00f3n\" aria-label=\"Texto traducido\" data-ved=\"2ahUKEwjOqPq6iNiGAxVmBtsEHYABAyQQ3ewLegQICBAU\"><span class=\"Y2IQFc\" lang=\"ca\"><strong>2 guies acompanyant de Natura i Cultura durant tot el trajecte.<\/strong> <\/span><\/li>\n<li class=\"tw-data-text tw-text-large tw-ta\" dir=\"ltr\" data-placeholder=\"Traducci\u00f3n\" aria-label=\"Texto traducido\" data-ved=\"2ahUKEwjOqPq6iNiGAxVmBtsEHYABAyQQ3ewLegQICBAU\"><span class=\"Y2IQFc\" lang=\"ca\">Visita guiada pobles cam\u00ed Sant Jaume i Monestir Rom\u00e0nic Sant Joan d&#8217;Ortega. <\/span><\/li>\n<li class=\"tw-data-text tw-text-large tw-ta\" dir=\"ltr\" data-placeholder=\"Traducci\u00f3n\" aria-label=\"Texto traducido\" data-ved=\"2ahUKEwjOqPq6iNiGAxVmBtsEHYABAyQQ3ewLegQICBAU\"><span class=\"Y2IQFc\" lang=\"ca\">Visita guiada nucli antic i catedral (guia oficial de Burgos) + Entrada a la catedral. <\/span><\/li>\n<li class=\"tw-data-text tw-text-large tw-ta\" dir=\"ltr\" data-placeholder=\"Traducci\u00f3n\" aria-label=\"Texto traducido\" data-ved=\"2ahUKEwjOqPq6iNiGAxVmBtsEHYABAyQQ3ewLegQICBAU\"><span class=\"Y2IQFc\" lang=\"ca\">Asseguran\u00e7a de viatge.<\/span><\/li>\n<li class=\"tw-data-text tw-text-large tw-ta\" dir=\"ltr\" data-placeholder=\"Traducci\u00f3n\" aria-label=\"Texto traducido\" data-ved=\"2ahUKEwjOqPq6iNiGAxVmBtsEHYABAyQQ3ewLegQICBAU\"><span class=\"Y2IQFc\" lang=\"ca\">Coordinacions i gestions.<\/span><\/li>\n<\/ul>\n\t\t\t\t\t\t\t\t<\/div>\n\t\t\t\t<\/div>\n\t\t\t\t\t<\/div>\n\t\t<\/div>\n\t\t\t\t<div class=\"elementor-column elementor-col-50 elementor-inner-column elementor-element elementor-element-88c7057\" data-id=\"88c7057\" data-element_type=\"column\">\n\t\t\t<div class=\"elementor-widget-wrap elementor-element-populated\">\n\t\t\t\t\t\t<div class=\"elementor-element elementor-element-2d6e4a2 elementor-widget elementor-widget-heading\" data-id=\"2d6e4a2\" data-element_type=\"widget\" data-widget_type=\"heading.default\">\n\t\t\t\t<div class=\"elementor-widget-container\">\n\t\t\t\t\t<h2 class=\"elementor-heading-title elementor-size-default\">PROGRAMA<\/h2>\t\t\t\t<\/div>\n\t\t\t\t<\/div>\n\t\t\t\t<div class=\"elementor-element elementor-element-42024f8 pcol1 elementor-widget elementor-widget-text-editor\" data-id=\"42024f8\" data-element_type=\"widget\" id=\"pcol1\" data-widget_type=\"text-editor.default\">\n\t\t\t\t<div class=\"elementor-widget-container\">\n\t\t\t\t\t\t\t\t\t<pre id=\"tw-target-text\" class=\"tw-data-text tw-text-large tw-ta\" dir=\"ltr\" data-placeholder=\"Traducci\u00f3n\" aria-label=\"Texto traducido\" data-ved=\"2ahUKEwjOqPq6iNiGAxVmBtsEHYABAyQQ3ewLegQICBAU\"><span class=\"Y2IQFc\" lang=\"ca\">Grup: Curs Evoluci\u00f3 Humana UPV\r\n\r\nPrograma: 27 al 29 de setembre de 2024\r\n\r\nPlaces: 53 disponibles                                   \r\n\r\nDivendres 27 setembre 2024\r\n\r\n07.00 h. Sortida des de UPV (dinar en ruta al Restaurant Lis 2 a Lerma).\r\n\r\n16.00 h. Arribada i allotjament (aproximadament).\r\n\r\n17.45 h. Visita guiada al Museu de l\u00b4Evoluci\u00f3.\r\n\r\n20.00 h. Final visita museu i temps lliure (a hora convinguda, sopar en grups al nucli antic).\r\n\r\nDissabte 28 setembre 2024\r\n\r\n09.00 h. Sortida cap a la zona arqueol\u00f2gica.\r\n\r\n09.45 h. Visita guiada a exposici\u00f3 al Centre Visitants i als jaciments.\r\n\r\n11.45 h. Activitats al Parc Arqueol\u00f2gic.\r\n\r\n14.30 h. Dinar al restaurant \u201cLos Claveles\u201d.\r\n\r\n16.30 h. Visita guiada a l'entorn (pobles i paisatge del Cam\u00ed Sant Jaume: Ag\u00e9s &amp; Rom\u00e0nic, Sant Joan d'Ortega).\r\n\r\n18.00 h. Tornada a Burgos.\r\n\r\n18.45 h. Arribada a l'hotel i temps lliure\r\n\r\n21.00 h. Sopar lliure en grups al nucli antic.\r\n\r\nDiumenge 29 setembre 2024\r\n\r\n09.00 h. Vista panor\u00e0mica i vista guiada a la Catedral de Burgos.\r\n\r\n12.30 h. Tornada a Val\u00e8ncia (dinar lliure en ruta).\r\n\r\n21.00 h. Arribada a lloc dorigen.<\/span><\/pre>\n\t\t\t\t\t\t\t\t<\/div>\n\t\t\t\t<\/div>\n\t\t\t\t<div class=\"elementor-element elementor-element-e3beb84 elementor-widget elementor-widget-heading\" data-id=\"e3beb84\" data-element_type=\"widget\" data-widget_type=\"heading.default\">\n\t\t\t\t<div class=\"elementor-widget-container\">\n\t\t\t\t\t<h2 class=\"elementor-heading-title elementor-size-default\">RESERVES I CANCELACIONS<\/h2>\t\t\t\t<\/div>\n\t\t\t\t<\/div>\n\t\t\t\t<div class=\"elementor-element elementor-element-fa4432a pcol2 elementor-widget elementor-widget-text-editor\" data-id=\"fa4432a\" data-element_type=\"widget\" data-widget_type=\"text-editor.default\">\n\t\t\t\t<div class=\"elementor-widget-container\">\n\t\t\t\t\t\t\t\t\t<pre id=\"tw-target-text\" class=\"tw-data-text tw-text-large tw-ta\" dir=\"ltr\" data-placeholder=\"Traducci\u00f3n\" aria-label=\"Texto traducido\" data-ved=\"2ahUKEwjOqPq6iNiGAxVmBtsEHYABAyQQ3ewLegQICBAU\"><span class=\"Y2IQFc\" lang=\"ca\">No inclou:\r\n\r\nSopars i dinar de tornada el dia 29\r\n\r\nEntrada al Museu de l\u00b4Evoluci\u00f3 (s\u00b4ha descomptat del preu original).\r\n\r\nCondicions i cancel\u00b7lacions:\r\n\r\nCancel\u00b7lacions entre 60 i 20 dies abans de l'arribada es factura un 5%\r\n\r\nCancel\u00b7lacions entre 20 i 4 dies abans de l'arribada es factura un 50%\r\n\r\nCancel\u00b7lacions dins dels tres dies abans de l'arribada es factura un 100%\r\n\r\nINTENTEM BUSCAR SUPL\u00c8NCIA EN CAS DE BAIXA i es reemborsa el 100% si \u00e9s el cas.<\/span><\/pre>\n\t\t\t\t\t\t\t\t<\/div>\n\t\t\t\t<\/div>\n\t\t\t\t\t<\/div>\n\t\t<\/div>\n\t\t\t\t\t<\/div>\n\t\t<\/section>\n\t\t\t\t\t<\/div>\n\t\t<\/div>\n\t\t\t\t\t<\/div>\n\t\t<\/section>\n\t\t\t\t<\/div>\n\t\t","protected":false},"excerpt":{"rendered":"<p><span style=\"font-size: 18px;\"><strong>Fechas:<\/strong> 27 al 29 de setembre de 2024 \u00a0<\/span><\/p>\n<pre id=\"tw-target-text\" class=\"tw-data-text tw-text-large tw-ta\" dir=\"ltr\" data-placeholder=\"Traducci\u00f3n\" aria-label=\"Texto traducido\" data-ved=\"2ahUKEwjOqPq6iNiGAxVmBtsEHYABAyQQ3ewLegQICBAU\"><span class=\"Y2IQFc\" lang=\"ca\">Entrades museu evoluci\u00f3, jaciments i parc arqueol\u00f2gic amb allotjament de 2 nits i 2 esmorzars. Aprofita per visitar aquests punts tan interessants de la nostra geografia juntament amb uns guies especialitzats en turisme cultural i sostenible (*Subjecte a completar el m\u00ednim necessari per a la realitzaci\u00f3 de 40 participants)\r\n\r\nPreu refer\u00e8ncia per persona en habitaci\u00f3 doble: 348 \u20ac (dues persones 696 \u20ac)\r\n\r\nPreu refer\u00e8ncia per persona en habitaci\u00f3 individual: 428 \u20ac\r\n\r\nS'han descomptat els 4 \u20ac de l'entrada al Museu de l'Evoluci\u00f3 Humana, que cadasc\u00fa haur\u00e0 de pagar al museu llevat dels Jubilats o pensionistes o altres hauran de portar el document acreditatiu v\u00e0lid per a l'entrada gratu\u00efta.<\/span><\/pre>\n","protected":false},"featured_media":2649,"template":"","meta":[],"product_brand":[],"product_cat":[200,201,80],"product_tag":[202,203],"class_list":{"0":"post-5273","1":"product","2":"type-product","3":"status-publish","4":"has-post-thumbnail","6":"product_cat-cultural-val","7":"product_cat-historia-val","8":"product_cat-viatges","9":"product_tag-atapuerca-val","10":"product_tag-senior-val","12":"first","13":"instock","14":"taxable","15":"shipping-taxable","16":"purchasable","17":"product-type-variable"},"yoast_head":"<!-- This site is optimized with the Yoast SEO plugin v25.8 - https:\/\/yoast.com\/wordpress\/plugins\/seo\/ -->\n<title>Curs Evoluci\u00f3 Humana UPV- Viatge ATAPUERCA BURGOS 2024 - Natura y Cultura Tours<\/title>\n<meta name=\"robots\" content=\"index, follow, max-snippet:-1, max-image-preview:large, max-video-preview:-1\" \/>\n<link rel=\"canonical\" href=\"https:\/\/naturayculturatours.com\/reservas\/curso-evolucion-humana-upv-viaje-atapuerca-burgos-2024\/\" \/>\n<meta property=\"og:locale\" content=\"en_US\" \/>\n<meta property=\"og:type\" content=\"article\" \/>\n<meta property=\"og:title\" content=\"Curs Evoluci\u00f3 Humana UPV- Viatge ATAPUERCA BURGOS 2024 - Natura y Cultura Tours\" \/>\n<meta property=\"og:description\" content=\"Fechas: 27 al 29 de setembre de 2024 \u00a0 Entrades museu evoluci\u00f3, jaciments i parc arqueol\u00f2gic amb allotjament de 2 nits i 2 esmorzars. Aprofita per visitar aquests punts tan interessants de la nostra geografia juntament amb uns guies especialitzats en turisme cultural i sostenible (*Subjecte a completar el m\u00ednim necessari per a la realitzaci\u00f3 de 40 participants)  Preu refer\u00e8ncia per persona en habitaci\u00f3 doble: 348 \u20ac (dues persones 696 \u20ac)  Preu refer\u00e8ncia per persona en habitaci\u00f3 individual: 428 \u20ac  S&#039;han descomptat els 4 \u20ac de l&#039;entrada al Museu de l&#039;Evoluci\u00f3 Humana, que cadasc\u00fa haur\u00e0 de pagar al museu llevat dels Jubilats o pensionistes o altres hauran de portar el document acreditatiu v\u00e0lid per a l&#039;entrada gratu\u00efta.\" \/>\n<meta property=\"og:url\" content=\"https:\/\/naturayculturatours.com\/reservas\/curso-evolucion-humana-upv-viaje-atapuerca-burgos-2024\/\" \/>\n<meta property=\"og:site_name\" content=\"Natura y Cultura Tours\" \/>\n<meta property=\"article:modified_time\" content=\"2024-06-13T07:38:28+00:00\" \/>\n<meta property=\"og:image\" content=\"https:\/\/naturayculturatours.com\/wp-content\/uploads\/2018\/10\/1448567844.jpg\" \/>\n\t<meta property=\"og:image:width\" content=\"800\" \/>\n\t<meta property=\"og:image:height\" content=\"597\" \/>\n\t<meta property=\"og:image:type\" content=\"image\/jpeg\" \/>\n<meta name=\"twitter:card\" content=\"summary_large_image\" \/>\n<meta name=\"twitter:label1\" content=\"Est. reading time\" \/>\n\t<meta name=\"twitter:data1\" content=\"2 minutes\" \/>\n<script type=\"application\/ld+json\" class=\"yoast-schema-graph\">{\"@context\":\"https:\/\/schema.org\",\"@graph\":[{\"@type\":\"WebPage\",\"@id\":\"https:\/\/naturayculturatours.com\/reservas\/curso-evolucion-humana-upv-viaje-atapuerca-burgos-2024\/\",\"url\":\"https:\/\/naturayculturatours.com\/reservas\/curso-evolucion-humana-upv-viaje-atapuerca-burgos-2024\/\",\"name\":\"Curs Evoluci\u00f3 Humana UPV- Viatge ATAPUERCA BURGOS 2024 - Natura y Cultura Tours\",\"isPartOf\":{\"@id\":\"https:\/\/naturayculturatours.com\/#website\"},\"primaryImageOfPage\":{\"@id\":\"https:\/\/naturayculturatours.com\/reservas\/curso-evolucion-humana-upv-viaje-atapuerca-burgos-2024\/#primaryimage\"},\"image\":{\"@id\":\"https:\/\/naturayculturatours.com\/reservas\/curso-evolucion-humana-upv-viaje-atapuerca-burgos-2024\/#primaryimage\"},\"thumbnailUrl\":\"https:\/\/naturayculturatours.com\/wp-content\/uploads\/2018\/10\/1448567844.jpg\",\"datePublished\":\"2024-06-13T07:11:51+00:00\",\"dateModified\":\"2024-06-13T07:38:28+00:00\",\"breadcrumb\":{\"@id\":\"https:\/\/naturayculturatours.com\/reservas\/curso-evolucion-humana-upv-viaje-atapuerca-burgos-2024\/#breadcrumb\"},\"inLanguage\":\"val\",\"potentialAction\":[{\"@type\":\"ReadAction\",\"target\":[\"https:\/\/naturayculturatours.com\/reservas\/curso-evolucion-humana-upv-viaje-atapuerca-burgos-2024\/\"]}]},{\"@type\":\"ImageObject\",\"inLanguage\":\"val\",\"@id\":\"https:\/\/naturayculturatours.com\/reservas\/curso-evolucion-humana-upv-viaje-atapuerca-burgos-2024\/#primaryimage\",\"url\":\"https:\/\/naturayculturatours.com\/wp-content\/uploads\/2018\/10\/1448567844.jpg\",\"contentUrl\":\"https:\/\/naturayculturatours.com\/wp-content\/uploads\/2018\/10\/1448567844.jpg\",\"width\":800,\"height\":597},{\"@type\":\"BreadcrumbList\",\"@id\":\"https:\/\/naturayculturatours.com\/reservas\/curso-evolucion-humana-upv-viaje-atapuerca-burgos-2024\/#breadcrumb\",\"itemListElement\":[{\"@type\":\"ListItem\",\"position\":1,\"name\":\"Portada\",\"item\":\"https:\/\/naturayculturatours.com\/val\/\"},{\"@type\":\"ListItem\",\"position\":2,\"name\":\"Shop\",\"item\":\"https:\/\/naturayculturatours.com\/val\/tenda\/\"},{\"@type\":\"ListItem\",\"position\":3,\"name\":\"Curs Evoluci\u00f3 Humana UPV- Viatge ATAPUERCA BURGOS 2024\"}]},{\"@type\":\"WebSite\",\"@id\":\"https:\/\/naturayculturatours.com\/#website\",\"url\":\"https:\/\/naturayculturatours.com\/\",\"name\":\"Natura y Cultura Tours\",\"description\":\"Turismo responsable\",\"publisher\":{\"@id\":\"https:\/\/naturayculturatours.com\/#organization\"},\"potentialAction\":[{\"@type\":\"SearchAction\",\"target\":{\"@type\":\"EntryPoint\",\"urlTemplate\":\"https:\/\/naturayculturatours.com\/?s={search_term_string}\"},\"query-input\":{\"@type\":\"PropertyValueSpecification\",\"valueRequired\":true,\"valueName\":\"search_term_string\"}}],\"inLanguage\":\"val\"},{\"@type\":\"Organization\",\"@id\":\"https:\/\/naturayculturatours.com\/#organization\",\"name\":\"Natura y Cultura Tours\",\"url\":\"https:\/\/naturayculturatours.com\/\",\"logo\":{\"@type\":\"ImageObject\",\"inLanguage\":\"val\",\"@id\":\"https:\/\/naturayculturatours.com\/#\/schema\/logo\/image\/\",\"url\":\"https:\/\/naturayculturatours.com\/wp-content\/uploads\/2025\/10\/cropped-Logo-nYc-pequeno.png\",\"contentUrl\":\"https:\/\/naturayculturatours.com\/wp-content\/uploads\/2025\/10\/cropped-Logo-nYc-pequeno.png\",\"width\":300,\"height\":115,\"caption\":\"Natura y Cultura Tours\"},\"image\":{\"@id\":\"https:\/\/naturayculturatours.com\/#\/schema\/logo\/image\/\"}}]}<\/script>\n<!-- \/ Yoast SEO plugin. -->","yoast_head_json":{"title":"Curs Evoluci\u00f3 Humana UPV- Viatge ATAPUERCA BURGOS 2024 - Natura y Cultura Tours","robots":{"index":"index","follow":"follow","max-snippet":"max-snippet:-1","max-image-preview":"max-image-preview:large","max-video-preview":"max-video-preview:-1"},"canonical":"https:\/\/naturayculturatours.com\/reservas\/curso-evolucion-humana-upv-viaje-atapuerca-burgos-2024\/","og_locale":"en_US","og_type":"article","og_title":"Curs Evoluci\u00f3 Humana UPV- Viatge ATAPUERCA BURGOS 2024 - Natura y Cultura Tours","og_description":"Fechas: 27 al 29 de setembre de 2024 \u00a0 Entrades museu evoluci\u00f3, jaciments i parc arqueol\u00f2gic amb allotjament de 2 nits i 2 esmorzars. Aprofita per visitar aquests punts tan interessants de la nostra geografia juntament amb uns guies especialitzats en turisme cultural i sostenible (*Subjecte a completar el m\u00ednim necessari per a la realitzaci\u00f3 de 40 participants)  Preu refer\u00e8ncia per persona en habitaci\u00f3 doble: 348 \u20ac (dues persones 696 \u20ac)  Preu refer\u00e8ncia per persona en habitaci\u00f3 individual: 428 \u20ac  S'han descomptat els 4 \u20ac de l'entrada al Museu de l'Evoluci\u00f3 Humana, que cadasc\u00fa haur\u00e0 de pagar al museu llevat dels Jubilats o pensionistes o altres hauran de portar el document acreditatiu v\u00e0lid per a l'entrada gratu\u00efta.","og_url":"https:\/\/naturayculturatours.com\/reservas\/curso-evolucion-humana-upv-viaje-atapuerca-burgos-2024\/","og_site_name":"Natura y Cultura Tours","article_modified_time":"2024-06-13T07:38:28+00:00","og_image":[{"width":800,"height":597,"url":"https:\/\/naturayculturatours.com\/wp-content\/uploads\/2018\/10\/1448567844.jpg","type":"image\/jpeg"}],"twitter_card":"summary_large_image","twitter_misc":{"Est. reading time":"2 minutes"},"schema":{"@context":"https:\/\/schema.org","@graph":[{"@type":"WebPage","@id":"https:\/\/naturayculturatours.com\/reservas\/curso-evolucion-humana-upv-viaje-atapuerca-burgos-2024\/","url":"https:\/\/naturayculturatours.com\/reservas\/curso-evolucion-humana-upv-viaje-atapuerca-burgos-2024\/","name":"Curs Evoluci\u00f3 Humana UPV- Viatge ATAPUERCA BURGOS 2024 - Natura y Cultura Tours","isPartOf":{"@id":"https:\/\/naturayculturatours.com\/#website"},"primaryImageOfPage":{"@id":"https:\/\/naturayculturatours.com\/reservas\/curso-evolucion-humana-upv-viaje-atapuerca-burgos-2024\/#primaryimage"},"image":{"@id":"https:\/\/naturayculturatours.com\/reservas\/curso-evolucion-humana-upv-viaje-atapuerca-burgos-2024\/#primaryimage"},"thumbnailUrl":"https:\/\/naturayculturatours.com\/wp-content\/uploads\/2018\/10\/1448567844.jpg","datePublished":"2024-06-13T07:11:51+00:00","dateModified":"2024-06-13T07:38:28+00:00","breadcrumb":{"@id":"https:\/\/naturayculturatours.com\/reservas\/curso-evolucion-humana-upv-viaje-atapuerca-burgos-2024\/#breadcrumb"},"inLanguage":"val","potentialAction":[{"@type":"ReadAction","target":["https:\/\/naturayculturatours.com\/reservas\/curso-evolucion-humana-upv-viaje-atapuerca-burgos-2024\/"]}]},{"@type":"ImageObject","inLanguage":"val","@id":"https:\/\/naturayculturatours.com\/reservas\/curso-evolucion-humana-upv-viaje-atapuerca-burgos-2024\/#primaryimage","url":"https:\/\/naturayculturatours.com\/wp-content\/uploads\/2018\/10\/1448567844.jpg","contentUrl":"https:\/\/naturayculturatours.com\/wp-content\/uploads\/2018\/10\/1448567844.jpg","width":800,"height":597},{"@type":"BreadcrumbList","@id":"https:\/\/naturayculturatours.com\/reservas\/curso-evolucion-humana-upv-viaje-atapuerca-burgos-2024\/#breadcrumb","itemListElement":[{"@type":"ListItem","position":1,"name":"Portada","item":"https:\/\/naturayculturatours.com\/val\/"},{"@type":"ListItem","position":2,"name":"Shop","item":"https:\/\/naturayculturatours.com\/val\/tenda\/"},{"@type":"ListItem","position":3,"name":"Curs Evoluci\u00f3 Humana UPV- Viatge ATAPUERCA BURGOS 2024"}]},{"@type":"WebSite","@id":"https:\/\/naturayculturatours.com\/#website","url":"https:\/\/naturayculturatours.com\/","name":"Natura y Cultura Tours","description":"Turismo responsable","publisher":{"@id":"https:\/\/naturayculturatours.com\/#organization"},"potentialAction":[{"@type":"SearchAction","target":{"@type":"EntryPoint","urlTemplate":"https:\/\/naturayculturatours.com\/?s={search_term_string}"},"query-input":{"@type":"PropertyValueSpecification","valueRequired":true,"valueName":"search_term_string"}}],"inLanguage":"val"},{"@type":"Organization","@id":"https:\/\/naturayculturatours.com\/#organization","name":"Natura y Cultura Tours","url":"https:\/\/naturayculturatours.com\/","logo":{"@type":"ImageObject","inLanguage":"val","@id":"https:\/\/naturayculturatours.com\/#\/schema\/logo\/image\/","url":"https:\/\/naturayculturatours.com\/wp-content\/uploads\/2025\/10\/cropped-Logo-nYc-pequeno.png","contentUrl":"https:\/\/naturayculturatours.com\/wp-content\/uploads\/2025\/10\/cropped-Logo-nYc-pequeno.png","width":300,"height":115,"caption":"Natura y Cultura Tours"},"image":{"@id":"https:\/\/naturayculturatours.com\/#\/schema\/logo\/image\/"}}]}},"_links":{"self":[{"href":"https:\/\/naturayculturatours.com\/val\/wp-json\/wp\/v2\/product\/5273","targetHints":{"allow":["GET"]}}],"collection":[{"href":"https:\/\/naturayculturatours.com\/val\/wp-json\/wp\/v2\/product"}],"about":[{"href":"https:\/\/naturayculturatours.com\/val\/wp-json\/wp\/v2\/types\/product"}],"version-history":[{"count":2,"href":"https:\/\/naturayculturatours.com\/val\/wp-json\/wp\/v2\/product\/5273\/revisions"}],"predecessor-version":[{"id":5293,"href":"https:\/\/naturayculturatours.com\/val\/wp-json\/wp\/v2\/product\/5273\/revisions\/5293"}],"wp:featuredmedia":[{"embeddable":true,"href":"https:\/\/naturayculturatours.com\/val\/wp-json\/wp\/v2\/media\/2649"}],"wp:attachment":[{"href":"https:\/\/naturayculturatours.com\/val\/wp-json\/wp\/v2\/media?parent=5273"}],"wp:term":[{"taxonomy":"product_brand","embeddable":true,"href":"https:\/\/naturayculturatours.com\/val\/wp-json\/wp\/v2\/product_brand?post=5273"},{"taxonomy":"product_cat","embeddable":true,"href":"https:\/\/naturayculturatours.com\/val\/wp-json\/wp\/v2\/product_cat?post=5273"},{"taxonomy":"product_tag","embeddable":true,"href":"https:\/\/naturayculturatours.com\/val\/wp-json\/wp\/v2\/product_tag?post=5273"}],"curies":[{"name":"wp","href":"https:\/\/api.w.org\/{rel}","templated":true}]}}